{"id":4268,"date":"2018-11-05T09:53:20","date_gmt":"2018-11-05T07:53:20","guid":{"rendered":"https:\/\/www.sakarincitykodit.fi\/su-baldaisu-issinuomotai-mieste-jervenpe\/"},"modified":"2020-11-10T12:08:04","modified_gmt":"2020-11-10T10:08:04","slug":"su-baldaisu-issinuomotai-mieste-jervenpe","status":"publish","type":"page","link":"https:\/\/www.sakarincitykodit.fi\/lt\/musu-vieta\/su-baldaisu-issinuomotai-mieste-jervenpe\/","title":{"rendered":"Su baldaisu i\u0161sinuomotai mieste Jervenp\u0117"},"content":{"rendered":"\t\t<div data-elementor-type=\"wp-page\" data-elementor-id=\"4268\" class=\"elementor elementor-4268 elementor-1236\">\n\t\t\t\t\t\t<section class=\"elementor-section elementor-top-section elementor-element elementor-element-1c2794bf elementor-section-boxed elementor-section-height-default elementor-section-height-default\" data-id=\"1c2794bf\" data-element_type=\"section\">\n\t\t\t\t\t\t<div class=\"elementor-container elementor-column-gap-default\">\n\t\t\t\t\t<div class=\"elementor-column elementor-col-100 elementor-top-column elementor-element elementor-element-67b6c886\" data-id=\"67b6c886\" data-element_type=\"column\">\n\t\t\t<div class=\"elementor-widget-wrap elementor-element-populated\">\n\t\t\t\t\t\t<div class=\"elementor-element elementor-element-1ac42de elementor-widget elementor-widget-apus_element_realestate_properties\" data-id=\"1ac42de\" data-element_type=\"widget\" data-settings=\"{&quot;columns&quot;:&quot;2&quot;,&quot;slides_to_scroll&quot;:1}\" data-widget_type=\"apus_element_realestate_properties.default\">\n\t\t\t\t<div class=\"elementor-widget-container\">\n\t\t\t\t\t            <div class=\"widget-properties carousel item-grid-v4 \">\n                                    <div class=\"top-info-widget flex-middle\">\n                        <div class=\"info-left\">\n                                                            <h2 class=\"title\">J\u00e4rvenp\u00e4\u00e4 vapaat asunnot<\/h2>\n                                                                                <\/div>\n                                            <\/div>\n                                <div class=\"widget-content\">\n                                            <div class=\"slick-carousel\"\n                            data-items=\"2\"\n                            data-smallmedium=\"2\"\n                            data-extrasmall=\"1\"\n\n                            data-slidestoscroll=\"1\"\n                            data-slidestoscroll_smallmedium=\"1\"\n                            data-slidestoscroll_extrasmall=\"1\"\n\n                            data-pagination=\"false\" data-nav=\"true\" data-rows=\"1\" data-infinite=\"false\" data-autoplay=\"true\">\n                                                            <div class=\"item\">\n                                    \n\n<article class=\"map-item property-grid-v4 property-item post-5152 property type-property status-publish has-post-thumbnail hentry property_type-kerrostaloasunto-lt property_location-jarvenpaa-lt property_amenity-erillinen-wc-lt property_amenity-astianpesukone-lt property_amenity-kahvinkeitin-lt property_amenity-mikro-lt property_amenity-uuni-lt property_amenity-pakastin-lt property_amenity-jaakaappi-lt property_amenity-pesutupa-lt property_amenity-pyykinpesukone-lt property_amenity-ruuanlaitto-ja-ruokailuvalineet-lt property_amenity-kylpyhuone-lt\" data-latitude=\"60.475901\" data-longitude=\"25.072765713297407\" data-img=\"https:\/\/www.sakarincitykodit.fi\/wp-content\/uploads\/jarvenpaa-kalustetut-vuokra-asunnot-sakarin-citykodit_3-850x550.jpg\">\n    <div class=\"top-info\">\n        <div class=\"property-thumbnail-wrapper flex-middle justify-content-center\">\n                <div class=\"image-thumbnail\">\r\n        <a class=\"property-image\" href=\"https:\/\/www.sakarincitykodit.fi\/lt\/vuokra-asunto\/jarvenpaa-loutti-jarvenpaa-loutti-kt-3hk-80m2_2\/\">\r\n        \t<div class=\"image-wrapper\"><img fetchpriority=\"high\" decoding=\"async\" width=\"850\" height=\"550\" src=\"data:image\/svg+xml;charset=utf-8,%3Csvg xmlns%3D&#039;http%3A%2F%2Fwww.w3.org%2F2000%2Fsvg&#039; viewBox%3D&#039;0 0 850 550&#039;%2F%3E\" class=\"attachment-homeo-property-grid size-homeo-property-grid unveil-image\" alt=\"\" data-src=\"https:\/\/www.sakarincitykodit.fi\/wp-content\/uploads\/jarvenpaa-kalustetut-vuokra-asunnot-sakarin-citykodit_3-850x550.jpg\" \/><\/div>        <\/a>\r\n    <\/div>\r\n                            <div class=\"bottom-label flex-middle\">\n                                <div class=\"ali-right\">\n                                    <\/div>\n            <\/div>\n        <\/div>\n\n        <div class=\"property-information\">\n            <div class=\"property-type\">\r\n\t\t\t\t\t\t\t<div class=\"property-type with-no-title\">\r\n\t\t\t\t\t\t            \t<a class=\"type-property\" href=\"https:\/\/www.sakarincitykodit.fi\/lt\/property-type\/kerrostaloasunto-lt\/\" style=\"\">Apartament\u0173 pastatas<\/a>\t\t        \t\t    \t<\/div>\r\n\t    <\/div>\n            <h2 class=\"property-title\"><a href=\"https:\/\/www.sakarincitykodit.fi\/lt\/vuokra-asunto\/jarvenpaa-loutti-jarvenpaa-loutti-kt-3hk-80m2_2\/\" rel=\"bookmark\">J\u00e4rvenp\u00e4\u00e4 Loutti ( J\u00e4rvenp\u00e4\u00e4 Loutti ) | KT 3h+k 80m2<\/a><\/h2>            <div class=\"property-location with-icon\"><i class=\"flaticon-maps-and-flags\"><\/i> <a href=\"\/\/maps.google.com\/maps?q=M%C3%A4kikatu+2+J%C3%A4rvenp%C3%A4%C3%A4&#038;zoom=14&#038;size=512x512&#038;maptype=roadmap&#038;sensor=false\" target=\"_blank\">M\u00e4kikatu 2 J\u00e4rvenp\u00e4\u00e4<\/a><\/div>\n                    <\/div>\n    <\/div>\n<\/article><!-- #post-## -->\n\n                                <\/div>\n                                                    <\/div>\n                                                        <\/div>\n            <\/div>\n            \t\t\t\t<\/div>\n\t\t\t\t<\/div>\n\t\t\t\t<div class=\"elementor-element elementor-element-5b201687 elementor-widget elementor-widget-text-editor\" data-id=\"5b201687\" data-element_type=\"widget\" data-widget_type=\"text-editor.default\">\n\t\t\t\t<div class=\"elementor-widget-container\">\n\t\t\t\t\t\t\t\t\t<div id=\"pl-1236\" class=\"panel-layout\">\n<div id=\"pg-1236-0\" class=\"panel-grid panel-no-style\" data-style=\"{\">\n<div id=\"pgc-1236-0-0\" class=\"panel-grid-cell\" data-weight=\"1\">\n<div id=\"panel-1236-0-0-0\" class=\"so-panel widget widget_sow-editor panel-first-child panel-last-child\" data-index=\"0\" data-style=\"{\">\n<div class=\"panel-widget-style panel-widget-style-for-1236-0-0-0\">\n<div class=\"so-widget-sow-editor so-widget-sow-editor-base\">\n<div class=\"siteorigin-widget-tinymce textwidget\">\n<h1 style=\"text-align: left;\">Su baldaisu i\u0161sinuomotai mieste Jervenp\u0117<\/h1>\n<p style=\"text-align: left;\">Ar \u017einote darb\u0105 J\u00e4rvenp\u00e4\u00e4, ar jums reikia laikino namo, pavyzd\u017eiui, renovacijos metu, ar jums reikia nuomojamo buto J\u00e4rvenp\u00e4\u00e4 d\u0117l kokios nors kitos prie\u017easties? Mes turime didel\u012f asortiment\u0105 apstatyt\u0173 but\u0173 J\u00e4rvenp\u00e4\u00e4 labai \u012fvairi\u0173 poreiki\u0173, priklausomai nuo buto dyd\u017eio ir nuomos laikotarp\u012f. M\u016bs\u0173 ma\u017ea organizacija leid\u017eia labai greitai reaguoti net ir skubiausiuose situacijose, kai yra u\u017e baldais butas reikia greitai.<\/p>\n<p style=\"text-align: left;\"><a href=\"https:\/\/www.sakarincitykodit.fi\/varaus\/\">Susisiekite su mumis<\/a> ir su\u017einokite daugiau apie m\u016bs\u0173 laisvus apartamentus! Taip pat galite palikti atgalinio skambinimo u\u017eklaus\u0105 apa\u010dioje, ir mes susisieksime su jumis kuo grei\u010diau &#8211; kai retai nor\u0117site palaukti.<\/p>\n<p class=\"p1\">\n<div class=\"wpcf7 no-js\" id=\"wpcf7-f5349-o1\" lang=\"lt-LT\" dir=\"ltr\" data-wpcf7-id=\"5349\">\n<div class=\"screen-reader-response\"><p role=\"status\" aria-live=\"polite\" aria-atomic=\"true\"><\/p> <ul><\/ul><\/div>\n<form action=\"\/lt\/wp-json\/wp\/v2\/pages\/4268#wpcf7-f5349-o1\" method=\"post\" class=\"wpcf7-form init\" aria-label=\"Kontakt\u0173 forma\" novalidate=\"novalidate\" data-status=\"init\">\n<div style=\"display: none;\">\n<input type=\"hidden\" name=\"_wpcf7\" value=\"5349\" \/>\n<input type=\"hidden\" name=\"_wpcf7_version\" value=\"6.0.6\" \/>\n<input type=\"hidden\" name=\"_wpcf7_locale\" value=\"lt_LT\" \/>\n<input type=\"hidden\" name=\"_wpcf7_unit_tag\" value=\"wpcf7-f5349-o1\" \/>\n<input type=\"hidden\" name=\"_wpcf7_container_post\" value=\"0\" \/>\n<input type=\"hidden\" name=\"_wpcf7_posted_data_hash\" value=\"\" \/>\n<\/div>\n<p><label>Enter your details and our business sales will contact you as soon as possible!<br \/>\n<\/label>\n<\/p>\n<div class=\"contact-us\">\n\t<div class=\"row\">\n\t\t<div class=\"col-xs-12 col-sm-6\">\n\t\t\t<p><span class=\"wpcf7-form-control-wrap\" data-name=\"your-yritys\"><input size=\"40\" maxlength=\"400\" class=\"wpcf7-form-control wpcf7-text wpcf7-validates-as-required form-control\" aria-required=\"true\" aria-invalid=\"false\" placeholder=\"The Company Name\" value=\"\" type=\"text\" name=\"your-yritys\" \/><\/span>\n\t\t\t<\/p>\n\t\t<\/div>\n\t\t<div class=\"col-xs-12 col-sm-6\">\n\t\t\t<p><span class=\"wpcf7-form-control-wrap\" data-name=\"your-tel\"><input size=\"40\" maxlength=\"400\" class=\"wpcf7-form-control wpcf7-tel wpcf7-validates-as-required wpcf7-text wpcf7-validates-as-tel form-control\" aria-required=\"true\" aria-invalid=\"false\" placeholder=\"Phone number\" value=\"\" type=\"tel\" name=\"your-tel\" \/><\/span>\n\t\t\t<\/p>\n\t\t<\/div>\n\t\t<div class=\"col-xs-12 col-sm-12\">\n\t\t\t<p><span class=\"wpcf7-form-control-wrap\" data-name=\"your-email\"><input size=\"40\" maxlength=\"400\" class=\"wpcf7-form-control wpcf7-email wpcf7-validates-as-required wpcf7-text wpcf7-validates-as-email form-control\" aria-required=\"true\" aria-invalid=\"false\" placeholder=\"Email\" value=\"\" type=\"email\" name=\"your-email\" \/><\/span>\n\t\t\t<\/p>\n\t\t<\/div>\n\t<\/div>\n\t<div class=\"clearfix\">\n\t\t<p><input class=\"wpcf7-form-control wpcf7-submit has-spinner btn pull-right btn-theme btn-inverse border-2\" type=\"submit\" value=\"Please contact me!\" \/>\n\t\t<\/p>\n\t<\/div>\n<\/div><div class=\"wpcf7-response-output\" aria-hidden=\"true\"><\/div>\n<\/form>\n<\/div>\n<\/p>\n<h3>\u012erengtas butas vietoj vie\u0161bu\u010dio?<\/h3>\n<p>Vie\u0161bu\u010diai gali b\u016bti gana brang\u016bs, taip pat ni\u016brus galimybes ilgalaikio apgyvendinimo. Kelios naktys tikrai bus patogiai eiti \u012f vie\u0161but\u012f, bet kai kalbama apie savaites ar net m\u0117nesius, baldais apstatytas nuomojamas butas yra daug gra\u017eesnis variantas. J\u016bs gaunate tikr\u0105 laikin\u0105 nam\u0105, kuris taip pat jau\u010diasi jaukus, o ne tik avarinis sprendimas. Mes gerai r\u016bpinam\u0117s m\u016bs\u0173 baldais apstatytais apartamentais ir norime \u012fsitikinti, kad jums patinka j\u016bs\u0173 butas, taip pat \u012fmanoma.<\/p>\n<h3>Nuo J\u00e4rvenp\u00e4\u00e4 iki darbo Helsinkio metropolijos regione<\/h3>\n<p>Ar atvykstate dirbti Helsinkio metropolin\u0117je zonoje ar piet\u0173 Suomijoje, bet galb\u016bt nenor\u0117site gyventi espoo ar Helsinkyje? J\u00e4rvenp\u00e4\u00e4 taip pat yra puiki galimyb\u0117 ilgesn\u012f laik\u0105, pavyzd\u017eiui, komandiravimo. I\u0161 J\u00e4rvenp\u00e4\u00e4 galite patekti \u012f Helsinkio centr\u0105 ar kitas apylinkes tiesioginiu priemiestini\u0173 traukiniu ir lengvai dirbti toleruotina verslo kelione. Apartamentai J\u00e4rvenp\u00e4\u00e4 yra pigesni nei Helsinkio metropolijos zona, o <a href=\"\/\">m\u016bs\u0173 apstatytuose apartamentuose<\/a> galite rasti puiki\u0105 alternatyv\u0105!<\/p>\n<\/div>\n<\/div>\n<\/div>\n<\/div>\n<\/div>\n<\/div>\n<\/div>\n\t\t\t\t\t\t\t\t<\/div>\n\t\t\t\t<\/div>\n\t\t\t\t\t<\/div>\n\t\t<\/div>\n\t\t\t\t\t<\/div>\n\t\t<\/section>\n\t\t\t\t<\/div>\n\t\t","protected":false},"excerpt":{"rendered":"<p>J\u00e4rvenp\u00e4\u00e4 vapaat asunnot Rivitalo Jarvenpaa Peltola | RT 3h+k+s 78m2 | released on 2 August 2020 Kerrostaloasunto Jarvenpaa City Center | KT 3h+k 78m2 | released on 2 August 2020 Kerrostaloasunto J\u00e4rvenp\u00e4\u00e4 keskusta | KT 3h+k 78m2 | HETI VAPAA Kartanonpolku 31, 04410 J\u00e4rvenp\u00e4\u00e4 Su baldaisu i\u0161sinuomotai mieste Jervenp\u0117 Ar \u017einote darb\u0105 J\u00e4rvenp\u00e4\u00e4, ar jums [&hellip;]<\/p>\n","protected":false},"author":3,"featured_media":0,"parent":4379,"menu_order":0,"comment_status":"closed","ping_status":"closed","template":"","meta":{"footnotes":""},"class_list":["post-4268","page","type-page","status-publish","hentry"],"yoast_head":"<!-- This site is optimized with the Yoast SEO plugin v24.9 - https:\/\/yoast.com\/wordpress\/plugins\/seo\/ -->\n<title>Su baldaisu i\u0161sinuomotai mieste Jervenp\u0117 - Sakarin Citykodit<\/title>\n<meta name=\"robots\" content=\"index, follow, max-snippet:-1, max-image-preview:large, max-video-preview:-1\" \/>\n<link rel=\"canonical\" href=\"https:\/\/www.sakarincitykodit.fi\/lt\/musu-vieta\/su-baldaisu-issinuomotai-mieste-jervenpe\/\" \/>\n<meta property=\"og:locale\" content=\"lt_LT\" \/>\n<meta property=\"og:type\" content=\"article\" \/>\n<meta property=\"og:title\" content=\"Su baldaisu i\u0161sinuomotai mieste Jervenp\u0117 - Sakarin Citykodit\" \/>\n<meta property=\"og:description\" content=\"J\u00e4rvenp\u00e4\u00e4 vapaat asunnot Rivitalo Jarvenpaa Peltola | RT 3h+k+s 78m2 | released on 2 August 2020 Kerrostaloasunto Jarvenpaa City Center | KT 3h+k 78m2 | released on 2 August 2020 Kerrostaloasunto J\u00e4rvenp\u00e4\u00e4 keskusta | KT 3h+k 78m2 | HETI VAPAA Kartanonpolku 31, 04410 J\u00e4rvenp\u00e4\u00e4 Su baldaisu i\u0161sinuomotai mieste Jervenp\u0117 Ar \u017einote darb\u0105 J\u00e4rvenp\u00e4\u00e4, ar jums [&hellip;]\" \/>\n<meta property=\"og:url\" content=\"https:\/\/www.sakarincitykodit.fi\/lt\/musu-vieta\/su-baldaisu-issinuomotai-mieste-jervenpe\/\" \/>\n<meta property=\"og:site_name\" content=\"Sakarin Citykodit\" \/>\n<meta property=\"article:modified_time\" content=\"2020-11-10T10:08:04+00:00\" \/>\n<meta name=\"twitter:card\" content=\"summary_large_image\" \/>\n<meta name=\"twitter:label1\" content=\"Est. reading time\" \/>\n\t<meta name=\"twitter:data1\" content=\"2 minut\u0117s\" \/>\n<script type=\"application\/ld+json\" class=\"yoast-schema-graph\">{\"@context\":\"https:\/\/schema.org\",\"@graph\":[{\"@type\":\"WebPage\",\"@id\":\"https:\/\/www.sakarincitykodit.fi\/lt\/musu-vieta\/su-baldaisu-issinuomotai-mieste-jervenpe\/\",\"url\":\"https:\/\/www.sakarincitykodit.fi\/lt\/musu-vieta\/su-baldaisu-issinuomotai-mieste-jervenpe\/\",\"name\":\"Su baldaisu i\u0161sinuomotai mieste Jervenp\u0117 - Sakarin Citykodit\",\"isPartOf\":{\"@id\":\"https:\/\/www.sakarincitykodit.fi\/lt\/#website\"},\"datePublished\":\"2018-11-05T07:53:20+00:00\",\"dateModified\":\"2020-11-10T10:08:04+00:00\",\"breadcrumb\":{\"@id\":\"https:\/\/www.sakarincitykodit.fi\/lt\/musu-vieta\/su-baldaisu-issinuomotai-mieste-jervenpe\/#breadcrumb\"},\"inLanguage\":\"lt-LT\",\"potentialAction\":[{\"@type\":\"ReadAction\",\"target\":[\"https:\/\/www.sakarincitykodit.fi\/lt\/musu-vieta\/su-baldaisu-issinuomotai-mieste-jervenpe\/\"]}]},{\"@type\":\"BreadcrumbList\",\"@id\":\"https:\/\/www.sakarincitykodit.fi\/lt\/musu-vieta\/su-baldaisu-issinuomotai-mieste-jervenpe\/#breadcrumb\",\"itemListElement\":[{\"@type\":\"ListItem\",\"position\":1,\"name\":\"Nam\u0173\",\"item\":\"https:\/\/www.sakarincitykodit.fi\/lt\/\"},{\"@type\":\"ListItem\",\"position\":2,\"name\":\"M\u016bs\u0173 vieta\",\"item\":\"https:\/\/www.sakarincitykodit.fi\/lt\/musu-vieta\/\"},{\"@type\":\"ListItem\",\"position\":3,\"name\":\"Su baldaisu i\u0161sinuomotai mieste Jervenp\u0117\"}]},{\"@type\":\"WebSite\",\"@id\":\"https:\/\/www.sakarincitykodit.fi\/lt\/#website\",\"url\":\"https:\/\/www.sakarincitykodit.fi\/lt\/\",\"name\":\"Sakarin Citykodit\",\"description\":\"Vuokraamme vapaat kalustetut vuokra-asunnot ymp&auml;ri Suomen!\",\"publisher\":{\"@id\":\"https:\/\/www.sakarincitykodit.fi\/lt\/#organization\"},\"potentialAction\":[{\"@type\":\"SearchAction\",\"target\":{\"@type\":\"EntryPoint\",\"urlTemplate\":\"https:\/\/www.sakarincitykodit.fi\/lt\/?s={search_term_string}\"},\"query-input\":{\"@type\":\"PropertyValueSpecification\",\"valueRequired\":true,\"valueName\":\"search_term_string\"}}],\"inLanguage\":\"lt-LT\"},{\"@type\":\"Organization\",\"@id\":\"https:\/\/www.sakarincitykodit.fi\/lt\/#organization\",\"name\":\"Sakarin Citykodit\",\"url\":\"https:\/\/www.sakarincitykodit.fi\/lt\/\",\"logo\":{\"@type\":\"ImageObject\",\"inLanguage\":\"lt-LT\",\"@id\":\"https:\/\/www.sakarincitykodit.fi\/lt\/#\/schema\/logo\/image\/\",\"url\":\"https:\/\/www.sakarincitykodit.fi\/wp-content\/uploads\/sakarin-citykodit-logo-245.png\",\"contentUrl\":\"https:\/\/www.sakarincitykodit.fi\/wp-content\/uploads\/sakarin-citykodit-logo-245.png\",\"width\":245,\"height\":39,\"caption\":\"Sakarin Citykodit\"},\"image\":{\"@id\":\"https:\/\/www.sakarincitykodit.fi\/lt\/#\/schema\/logo\/image\/\"}}]}<\/script>\n<!-- \/ Yoast SEO plugin. -->","yoast_head_json":{"title":"Su baldaisu i\u0161sinuomotai mieste Jervenp\u0117 - Sakarin Citykodit","robots":{"index":"index","follow":"follow","max-snippet":"max-snippet:-1","max-image-preview":"max-image-preview:large","max-video-preview":"max-video-preview:-1"},"canonical":"https:\/\/www.sakarincitykodit.fi\/lt\/musu-vieta\/su-baldaisu-issinuomotai-mieste-jervenpe\/","og_locale":"lt_LT","og_type":"article","og_title":"Su baldaisu i\u0161sinuomotai mieste Jervenp\u0117 - Sakarin Citykodit","og_description":"J\u00e4rvenp\u00e4\u00e4 vapaat asunnot Rivitalo Jarvenpaa Peltola | RT 3h+k+s 78m2 | released on 2 August 2020 Kerrostaloasunto Jarvenpaa City Center | KT 3h+k 78m2 | released on 2 August 2020 Kerrostaloasunto J\u00e4rvenp\u00e4\u00e4 keskusta | KT 3h+k 78m2 | HETI VAPAA Kartanonpolku 31, 04410 J\u00e4rvenp\u00e4\u00e4 Su baldaisu i\u0161sinuomotai mieste Jervenp\u0117 Ar \u017einote darb\u0105 J\u00e4rvenp\u00e4\u00e4, ar jums [&hellip;]","og_url":"https:\/\/www.sakarincitykodit.fi\/lt\/musu-vieta\/su-baldaisu-issinuomotai-mieste-jervenpe\/","og_site_name":"Sakarin Citykodit","article_modified_time":"2020-11-10T10:08:04+00:00","twitter_card":"summary_large_image","twitter_misc":{"Est. reading time":"2 minut\u0117s"},"schema":{"@context":"https:\/\/schema.org","@graph":[{"@type":"WebPage","@id":"https:\/\/www.sakarincitykodit.fi\/lt\/musu-vieta\/su-baldaisu-issinuomotai-mieste-jervenpe\/","url":"https:\/\/www.sakarincitykodit.fi\/lt\/musu-vieta\/su-baldaisu-issinuomotai-mieste-jervenpe\/","name":"Su baldaisu i\u0161sinuomotai mieste Jervenp\u0117 - Sakarin Citykodit","isPartOf":{"@id":"https:\/\/www.sakarincitykodit.fi\/lt\/#website"},"datePublished":"2018-11-05T07:53:20+00:00","dateModified":"2020-11-10T10:08:04+00:00","breadcrumb":{"@id":"https:\/\/www.sakarincitykodit.fi\/lt\/musu-vieta\/su-baldaisu-issinuomotai-mieste-jervenpe\/#breadcrumb"},"inLanguage":"lt-LT","potentialAction":[{"@type":"ReadAction","target":["https:\/\/www.sakarincitykodit.fi\/lt\/musu-vieta\/su-baldaisu-issinuomotai-mieste-jervenpe\/"]}]},{"@type":"BreadcrumbList","@id":"https:\/\/www.sakarincitykodit.fi\/lt\/musu-vieta\/su-baldaisu-issinuomotai-mieste-jervenpe\/#breadcrumb","itemListElement":[{"@type":"ListItem","position":1,"name":"Nam\u0173","item":"https:\/\/www.sakarincitykodit.fi\/lt\/"},{"@type":"ListItem","position":2,"name":"M\u016bs\u0173 vieta","item":"https:\/\/www.sakarincitykodit.fi\/lt\/musu-vieta\/"},{"@type":"ListItem","position":3,"name":"Su baldaisu i\u0161sinuomotai mieste Jervenp\u0117"}]},{"@type":"WebSite","@id":"https:\/\/www.sakarincitykodit.fi\/lt\/#website","url":"https:\/\/www.sakarincitykodit.fi\/lt\/","name":"Sakarin Citykodit","description":"Vuokraamme vapaat kalustetut vuokra-asunnot ymp&auml;ri Suomen!","publisher":{"@id":"https:\/\/www.sakarincitykodit.fi\/lt\/#organization"},"potentialAction":[{"@type":"SearchAction","target":{"@type":"EntryPoint","urlTemplate":"https:\/\/www.sakarincitykodit.fi\/lt\/?s={search_term_string}"},"query-input":{"@type":"PropertyValueSpecification","valueRequired":true,"valueName":"search_term_string"}}],"inLanguage":"lt-LT"},{"@type":"Organization","@id":"https:\/\/www.sakarincitykodit.fi\/lt\/#organization","name":"Sakarin Citykodit","url":"https:\/\/www.sakarincitykodit.fi\/lt\/","logo":{"@type":"ImageObject","inLanguage":"lt-LT","@id":"https:\/\/www.sakarincitykodit.fi\/lt\/#\/schema\/logo\/image\/","url":"https:\/\/www.sakarincitykodit.fi\/wp-content\/uploads\/sakarin-citykodit-logo-245.png","contentUrl":"https:\/\/www.sakarincitykodit.fi\/wp-content\/uploads\/sakarin-citykodit-logo-245.png","width":245,"height":39,"caption":"Sakarin Citykodit"},"image":{"@id":"https:\/\/www.sakarincitykodit.fi\/lt\/#\/schema\/logo\/image\/"}}]}},"_links":{"self":[{"href":"https:\/\/www.sakarincitykodit.fi\/lt\/wp-json\/wp\/v2\/pages\/4268","targetHints":{"allow":["GET"]}}],"collection":[{"href":"https:\/\/www.sakarincitykodit.fi\/lt\/wp-json\/wp\/v2\/pages"}],"about":[{"href":"https:\/\/www.sakarincitykodit.fi\/lt\/wp-json\/wp\/v2\/types\/page"}],"author":[{"embeddable":true,"href":"https:\/\/www.sakarincitykodit.fi\/lt\/wp-json\/wp\/v2\/users\/3"}],"replies":[{"embeddable":true,"href":"https:\/\/www.sakarincitykodit.fi\/lt\/wp-json\/wp\/v2\/comments?post=4268"}],"version-history":[{"count":0,"href":"https:\/\/www.sakarincitykodit.fi\/lt\/wp-json\/wp\/v2\/pages\/4268\/revisions"}],"up":[{"embeddable":true,"href":"https:\/\/www.sakarincitykodit.fi\/lt\/wp-json\/wp\/v2\/pages\/4379"}],"wp:attachment":[{"href":"https:\/\/www.sakarincitykodit.fi\/lt\/wp-json\/wp\/v2\/media?parent=4268"}],"curies":[{"name":"wp","href":"https:\/\/api.w.org\/{rel}","templated":true}]}}